{"id":1853,"date":"2026-04-03T04:13:18","date_gmt":"2026-04-03T04:13:18","guid":{"rendered":"https:\/\/conexionbrasil.com\/?post_type=product&#038;p=1853"},"modified":"2026-05-01T20:36:52","modified_gmt":"2026-05-01T20:36:52","slug":"entradageneralya","status":"publish","type":"product","link":"https:\/\/conexionbrasil.com\/pt\/produto\/entradageneralya\/","title":{"rendered":"Entrada geral j\u00e1 dispon\u00edvel"},"content":{"rendered":"<p><strong><a href=\"https:\/\/i0.wp.com\/conexionbrasil.com\/wp-content\/uploads\/2026\/04\/03_Venta-Gral2_14-05_600px.jpg?ssl=1\"><img data-recalc-dims=\"1\" loading=\"lazy\" decoding=\"async\" class=\"alignnone wp-image-1854 size-medium\" src=\"https:\/\/i0.wp.com\/conexionbrasil.com\/wp-content\/uploads\/2026\/04\/03_Venta-Gral2_14-05_600px.jpg?resize=300%2C300&#038;ssl=1\" alt=\"\" width=\"300\" height=\"300\" srcset=\"https:\/\/i0.wp.com\/conexionbrasil.com\/wp-content\/uploads\/2026\/04\/03_Venta-Gral2_14-05_600px.jpg?resize=300%2C300&amp;ssl=1 300w, https:\/\/i0.wp.com\/conexionbrasil.com\/wp-content\/uploads\/2026\/04\/03_Venta-Gral2_14-05_600px.jpg?resize=150%2C150&amp;ssl=1 150w, https:\/\/i0.wp.com\/conexionbrasil.com\/wp-content\/uploads\/2026\/04\/03_Venta-Gral2_14-05_600px.jpg?resize=12%2C12&amp;ssl=1 12w, https:\/\/i0.wp.com\/conexionbrasil.com\/wp-content\/uploads\/2026\/04\/03_Venta-Gral2_14-05_600px.jpg?resize=100%2C100&amp;ssl=1 100w, https:\/\/i0.wp.com\/conexionbrasil.com\/wp-content\/uploads\/2026\/04\/03_Venta-Gral2_14-05_600px.jpg?w=600&amp;ssl=1 600w\" sizes=\"auto, (max-width: 300px) 100vw, 300px\" \/><\/a><\/strong><\/p>\n<p><strong>Entrada GENERAL &#8211; ARS 89.000.-<\/strong><\/p>\n<p><strong>POD\u00c9S COMPRAR TU ENTRADA GENERAL DEL 07\/05 HASTA EL 14\/05\/2026<\/strong><\/p>\n<p><b>Evento <\/b><strong>Conex\u00e3o Brasil<\/strong>: 14\/5\/2026 &#8211; Horario: 18.30 hs<\/p>\n<p>Direcci\u00f3n: <b>Workey, La c\u00fapula. <\/b><b>Av. Roque S\u00e1enz Pe\u00f1a 616, piso 10<\/b><\/p>","protected":false},"excerpt":{"rendered":"<h3><b>Evento <\/b><strong>Conex\u00e3o Brasil <\/strong><\/h3>\n<p><strong>POD\u00c9S COMPRAR TU ENTRADA GENERAL DEL 13\/04 HASTA EL 06\/05\/2026<\/strong><\/p>\n<p><b>Evento <\/b><strong>Conex\u00e3o Brasil<\/strong>: 14\/5\/2026 &#8211; Horario: 18.30 hs<\/p>\n<p>Direcci\u00f3n: <b>Workey, La c\u00fapula. <\/b><b>Av. Roque S\u00e1enz Pe\u00f1a 616, piso 10<\/b><\/p>\n<h3><b>Entrada General<\/b><\/h3>\n<p><span style=\"font-weight: 400;\">Exclusividade e posicionamento estrat\u00e9gico.<\/span><\/p>\n<ul>\n<li style=\"font-weight: 400;\" aria-level=\"1\"><b>Todo lo de la Entrada General.<\/b><\/li>\n<li style=\"font-weight: 400;\" aria-level=\"1\"><b>Ubicaci\u00f3n Preferencial:<\/b><span style=\"font-weight: 400;\"> Asientos en las primeras filas para las charlas.<\/span><\/li>\n<li style=\"font-weight: 400;\" aria-level=\"1\"><b>Participaci\u00f3n VIP:<\/b><span style=\"font-weight: 400;\"> Invitaci\u00f3n especial y trato preferencial en el pr\u00f3ximo evento.<\/span><\/li>\n<li style=\"font-weight: 400;\" aria-level=\"1\"><b>Conexi\u00f3n Directa:<\/b><span style=\"font-weight: 400;\"> Espacio facilitado para interactuar con los referentes.<\/span><\/li>\n<li style=\"font-weight: 400;\" aria-level=\"1\"><b>Bonus de Formaci\u00f3n:<\/b><span style=\"font-weight: 400;\"> Descuento mayor en asesor\u00eda y formaci\u00f3n del M\u00e9todo Conex\u00e3o Brasil.<\/span><\/li>\n<\/ul>","protected":false},"featured_media":1854,"template":"","meta":{"_uag_custom_page_level_css":"","site-sidebar-layout":"default","site-content-layout":"","ast-site-content-layout":"default","site-content-style":"default","site-sidebar-style":"default","ast-global-header-display":"","ast-banner-title-visibility":"","ast-main-header-display":"","ast-hfb-above-header-display":"","ast-hfb-below-header-display":"","ast-hfb-mobile-header-display":"","site-post-title":"","ast-breadcrumbs-content":"","ast-featured-img":"","footer-sml-layout":"","ast-disable-related-posts":"","theme-transparent-header-meta":"default","adv-header-id-meta":"","stick-header-meta":"","header-above-stick-meta":"","header-main-stick-meta":"","header-below-stick-meta":"","astra-migrate-meta-layouts":"set","ast-page-background-enabled":"default","ast-page-background-meta":{"desktop":{"background-color":"var(--ast-global-color-5)","background-image":"","background-repeat":"repeat","background-position":"center center","background-size":"auto","background-attachment":"scroll","background-type":"","background-media":"","overlay-type":"","overlay-color":"","overlay-opacity":"","overlay-gradient":""},"tablet":{"background-color":"","background-image":"","background-repeat":"repeat","background-position":"center center","background-size":"auto","background-attachment":"scroll","background-type":"","background-media":"","overlay-type":"","overlay-color":"","overlay-opacity":"","overlay-gradient":""},"mobile":{"background-color":"","background-image":"","background-repeat":"repeat","background-position":"center center","background-size":"auto","background-attachment":"scroll","background-type":"","background-media":"","overlay-type":"","overlay-color":"","overlay-opacity":"","overlay-gradient":""}},"ast-content-background-meta":{"desktop":{"background-color":"var(--ast-global-color-4)","background-image":"","background-repeat":"repeat","background-position":"center center","background-size":"auto","background-attachment":"scroll","background-type":"","background-media":"","overlay-type":"","overlay-color":"","overlay-opacity":"","overlay-gradient":""},"tablet":{"background-color":"var(--ast-global-color-4)","background-image":"","background-repeat":"repeat","background-position":"center center","background-size":"auto","background-attachment":"scroll","background-type":"","background-media":"","overlay-type":"","overlay-color":"","overlay-opacity":"","overlay-gradient":""},"mobile":{"background-color":"var(--ast-global-color-4)","background-image":"","background-repeat":"repeat","background-position":"center center","background-size":"auto","background-attachment":"scroll","background-type":"","background-media":"","overlay-type":"","overlay-color":"","overlay-opacity":"","overlay-gradient":""}}},"product_brand":[],"product_cat":[19],"product_tag":[],"class_list":["post-1853","product","type-product","status-publish","has-post-thumbnail","product_cat-entrada-evento","desktop-align-left","tablet-align-left","mobile-align-left","first","instock","featured","virtual","purchasable","product-type-simple"],"uagb_featured_image_src":{"full":["https:\/\/i0.wp.com\/conexionbrasil.com\/wp-content\/uploads\/2026\/04\/03_Venta-Gral2_14-05_600px.jpg?fit=600%2C600&ssl=1",600,600,false],"thumbnail":["https:\/\/i0.wp.com\/conexionbrasil.com\/wp-content\/uploads\/2026\/04\/03_Venta-Gral2_14-05_600px.jpg?resize=150%2C150&ssl=1",150,150,true],"medium":["https:\/\/i0.wp.com\/conexionbrasil.com\/wp-content\/uploads\/2026\/04\/03_Venta-Gral2_14-05_600px.jpg?fit=300%2C300&ssl=1",300,300,true],"medium_large":["https:\/\/i0.wp.com\/conexionbrasil.com\/wp-content\/uploads\/2026\/04\/03_Venta-Gral2_14-05_600px.jpg?fit=600%2C600&ssl=1",600,600,true],"large":["https:\/\/i0.wp.com\/conexionbrasil.com\/wp-content\/uploads\/2026\/04\/03_Venta-Gral2_14-05_600px.jpg?fit=600%2C600&ssl=1",600,600,true],"1536x1536":["https:\/\/i0.wp.com\/conexionbrasil.com\/wp-content\/uploads\/2026\/04\/03_Venta-Gral2_14-05_600px.jpg?fit=600%2C600&ssl=1",600,600,true],"2048x2048":["https:\/\/i0.wp.com\/conexionbrasil.com\/wp-content\/uploads\/2026\/04\/03_Venta-Gral2_14-05_600px.jpg?fit=600%2C600&ssl=1",600,600,true],"trp-custom-language-flag":["https:\/\/i0.wp.com\/conexionbrasil.com\/wp-content\/uploads\/2026\/04\/03_Venta-Gral2_14-05_600px.jpg?fit=12%2C12&ssl=1",12,12,true],"woocommerce_thumbnail":["https:\/\/i0.wp.com\/conexionbrasil.com\/wp-content\/uploads\/2026\/04\/03_Venta-Gral2_14-05_600px.jpg?resize=300%2C300&ssl=1",300,300,true],"woocommerce_single":["https:\/\/i0.wp.com\/conexionbrasil.com\/wp-content\/uploads\/2026\/04\/03_Venta-Gral2_14-05_600px.jpg?fit=600%2C600&ssl=1",600,600,true],"woocommerce_gallery_thumbnail":["https:\/\/i0.wp.com\/conexionbrasil.com\/wp-content\/uploads\/2026\/04\/03_Venta-Gral2_14-05_600px.jpg?resize=100%2C100&ssl=1",100,100,true]},"uagb_author_info":{"display_name":"Conexion Brasil de Pilar Guill\u00e9n","author_link":"https:\/\/conexionbrasil.com\/pt\/author\/"},"uagb_comment_info":0,"uagb_excerpt":"Evento Conex\u00e3o Brasil POD\u00c9S COMPRAR TU ENTRADA GENERAL DEL 13\/04 HASTA EL 06\/05\/2026 Evento Conex\u00e3o Brasil: 14\/5\/2026 - Horario: 18.30 hs Direcci\u00f3n: Workey, La c\u00fapula. Av. Roque S\u00e1enz Pe\u00f1a 616, piso 10 Entrada General Exclusividad y posicionamiento estrat\u00e9gico. Todo lo de la Entrada General. Ubicaci\u00f3n Preferencial: Asientos en las primeras filas para las charlas. Participaci\u00f3n&hellip;","jetpack_sharing_enabled":true,"_links":{"self":[{"href":"https:\/\/conexionbrasil.com\/pt\/wp-json\/wp\/v2\/product\/1853","targetHints":{"allow":["GET"]}}],"collection":[{"href":"https:\/\/conexionbrasil.com\/pt\/wp-json\/wp\/v2\/product"}],"about":[{"href":"https:\/\/conexionbrasil.com\/pt\/wp-json\/wp\/v2\/types\/product"}],"wp:featuredmedia":[{"embeddable":true,"href":"https:\/\/conexionbrasil.com\/pt\/wp-json\/wp\/v2\/media\/1854"}],"wp:attachment":[{"href":"https:\/\/conexionbrasil.com\/pt\/wp-json\/wp\/v2\/media?parent=1853"}],"wp:term":[{"taxonomy":"product_brand","embeddable":true,"href":"https:\/\/conexionbrasil.com\/pt\/wp-json\/wp\/v2\/product_brand?post=1853"},{"taxonomy":"product_cat","embeddable":true,"href":"https:\/\/conexionbrasil.com\/pt\/wp-json\/wp\/v2\/product_cat?post=1853"},{"taxonomy":"product_tag","embeddable":true,"href":"https:\/\/conexionbrasil.com\/pt\/wp-json\/wp\/v2\/product_tag?post=1853"}],"curies":[{"name":"wp","href":"https:\/\/api.w.org\/{rel}","templated":true}]}}